{"id":2232,"date":"2020-05-13T15:50:03","date_gmt":"2020-05-13T15:50:03","guid":{"rendered":"https:\/\/www.cinedeverano.es\/1\/?page_id=2232"},"modified":"2023-07-03T21:36:28","modified_gmt":"2023-07-03T21:36:28","slug":"eresma-audiovisuales","status":"publish","type":"page","link":"https:\/\/www.cinedeverano.es\/1\/","title":{"rendered":"ERESMA AUDIOVISUALES"},"content":{"rendered":"<p>[et_pb_section fb_built=\u00bb1&#8243; fullwidth=\u00bbon\u00bb _builder_version=\u00bb3.22&#8243; animation_style=\u00bbslide\u00bb animation_direction=\u00bbtop\u00bb animation_intensity_slide=\u00bb2%\u00bb animation_starting_opacity=\u00bb100%\u00bb][et_pb_fullwidth_header title=\u00bbCine de Verano\u00bb button_one_text=\u00bbVIVE UNA EXPERIENCIA \u00daNICA BAJO LAS ESTRELLAS\u00bb content_max_width=\u00bb700px\u00bb _builder_version=\u00bb4.0.6&#8243; title_font=\u00bbLato||||||||\u00bb title_font_size=\u00bb60px\u00bb title_line_height=\u00bb1.2em\u00bb content_font=\u00bb||||||||\u00bb content_font_size=\u00bb20px\u00bb content_line_height=\u00bb1.8em\u00bb background_color=\u00bbrgba(255, 255, 255, 0)\u00bb use_background_color_gradient=\u00bbon\u00bb background_color_gradient_start=\u00bbrgba(0,0,0,0.75)\u00bb background_color_gradient_end=\u00bbrgba(0,0,0,0)\u00bb background_color_gradient_direction=\u00bb90deg\u00bb background_color_gradient_overlays_image=\u00bbon\u00bb background_image=\u00bbhttp:\/\/www.cinedeverano.es\/1\/wp-content\/uploads\/2020\/05\/WhatsApp-Image-2020-05-25-at-19.52.38.jpeg\u00bb custom_button_one=\u00bbon\u00bb button_one_text_size=\u00bb18px\u00bb button_one_bg_color=\u00bb#ff6600&#8243; button_one_border_width=\u00bb2px\u00bb button_one_border_color=\u00bb#ff6600&#8243; button_one_border_radius=\u00bb0px\u00bb button_one_letter_spacing=\u00bb1px\u00bb button_one_font=\u00bbLato|700|||||||\u00bb button_one_use_icon=\u00bboff\u00bb custom_button_two=\u00bbon\u00bb button_two_text_size=\u00bb18px\u00bb button_two_text_color=\u00bb#353740&#8243; button_two_bg_color=\u00bb#ffffff\u00bb button_two_border_width=\u00bb8px\u00bb button_two_border_color=\u00bb#ffffff\u00bb button_two_border_radius=\u00bb0px\u00bb button_two_letter_spacing=\u00bb1px\u00bb button_two_font=\u00bbLato|700|||||||\u00bb button_two_use_icon=\u00bboff\u00bb min_height=\u00bb529px\u00bb custom_margin=\u00bb|||\u00bb custom_padding=\u00bb12%||20%|||\u00bb button_one_letter_spacing_hover=\u00bb1px\u00bb button_two_letter_spacing_hover=\u00bb1px\u00bb button_one_text_size__hover_enabled=\u00bboff\u00bb button_two_text_size__hover_enabled=\u00bboff\u00bb button_one_text_color__hover_enabled=\u00bboff\u00bb button_two_text_color__hover_enabled=\u00bboff\u00bb button_one_border_width__hover_enabled=\u00bboff\u00bb button_two_border_width__hover_enabled=\u00bboff\u00bb button_one_border_color__hover_enabled=\u00bboff\u00bb button_two_border_color__hover_enabled=\u00bboff\u00bb button_one_border_radius__hover_enabled=\u00bboff\u00bb button_two_border_radius__hover_enabled=\u00bboff\u00bb button_one_letter_spacing__hover_enabled=\u00bbon\u00bb button_one_letter_spacing__hover=\u00bb1px\u00bb button_two_letter_spacing__hover_enabled=\u00bbon\u00bb button_two_letter_spacing__hover=\u00bb1px\u00bb button_one_bg_color__hover_enabled=\u00bboff\u00bb button_two_bg_color__hover_enabled=\u00bboff\u00bb]<\/p>\n<p>\u00a0Actividad con extraordinaria participaci\u00f3n ciudadana<\/p>\n<p>Cine bajo las estrellas en las plazas de tu localidad<\/p>\n<p>[\/et_pb_fullwidth_header][\/et_pb_section][et_pb_section fb_built=\u00bb1&#8243; _builder_version=\u00bb4.0.6&#8243;][et_pb_row _builder_version=\u00bb4.0.6&#8243; custom_margin=\u00bb|auto|-13px|auto||\u00bb][et_pb_column type=\u00bb4_4&#8243; _builder_version=\u00bb4.0.6&#8243;][et_pb_menu menu_id=\u00bb14&#8243; menu_style=\u00bbcentered\u00bb _builder_version=\u00bb4.0.6&#8243; menu_font=\u00bb|600|||||||\u00bb menu_text_color=\u00bb#ff6600&#8243; menu_font_size=\u00bb13px\u00bb custom_margin=\u00bb-80px||||false|false\u00bb box_shadow_style=\u00bbpreset5&#8243; box_shadow_vertical=\u00bb2px\u00bb box_shadow_blur=\u00bb18px\u00bb box_shadow_spread=\u00bb0px\u00bb box_shadow_color=\u00bb#ff6600&#8243;][\/et_pb_menu][\/et_pb_column][\/et_pb_row][\/et_pb_section][et_pb_section fb_built=\u00bb1&#8243; admin_label=\u00bbMarket Information Section\u00bb _builder_version=\u00bb4.0.6&#8243; min_height=\u00bb308px\u00bb custom_margin=\u00bb-128px||||false|false\u00bb custom_padding=\u00bb16px||59px||false|false\u00bb][et_pb_row column_structure=\u00bb1_3,2_3&#8243; admin_label=\u00bbMarket Information Title Area\u00bb _builder_version=\u00bb4.0.6&#8243; custom_margin=\u00bb-62px|auto|-60px|auto|false|false\u00bb custom_padding=\u00bb2px|0px|40px|0px||\u00bb][et_pb_column type=\u00bb1_3&#8243; _builder_version=\u00bb3.25&#8243; custom_padding=\u00bb|||\u00bb custom_padding__hover=\u00bb|||\u00bb][et_pb_text admin_label=\u00bbTitle\u00bb _builder_version=\u00bb4.0.6&#8243; text_font=\u00bb||||||||\u00bb header_font=\u00bb||||||||\u00bb header_2_font=\u00bbLato||||||||\u00bb header_2_font_size=\u00bb36px\u00bb header_2_line_height=\u00bb1.5em\u00bb width=\u00bb100%\u00bb min_height=\u00bb179px\u00bb custom_margin=\u00bb-7px|||||\u00bb custom_padding=\u00bb0px|0px|0px|||\u00bb animation_direction=\u00bbleft\u00bb]<\/p>\n<h2>CONVERTIMOS CUALQUIER ESPACIO, PLAZA, PARQUE, P\u00c1RKING, CALLE,&#8230; EN UN AUT\u00c9NTICO CINE<\/h2>\n<p>[\/et_pb_text][\/et_pb_column][et_pb_column type=\u00bb2_3&#8243; _builder_version=\u00bb3.25&#8243; custom_padding=\u00bb|||\u00bb custom_padding__hover=\u00bb|||\u00bb][et_pb_text _builder_version=\u00bb4.0.6&#8243; text_font=\u00bb||||||||\u00bb text_font_size=\u00bb16px\u00bb text_line_height=\u00bb1.8em\u00bb header_font=\u00bb||||||||\u00bb custom_margin=\u00bb3px|||||\u00bb custom_padding=\u00bb|0px||3px||\u00bb animation_style=\u00bbflip\u00bb animation_direction=\u00bbleft\u00bb animation_intensity_flip=\u00bb20%\u00bb animation_starting_opacity=\u00bb100%\u00bb]<\/p>\n<h2>ERESMA AUDIOVISUALES SLL especialistas en <span style=\"color: #ff6600;\"><strong>CINE<\/strong><\/span> y proyecciones en gran formato.<\/h2>\n<p>Con esta actividad pretendemos experimentar con f\u00f3rmulas que combinen la emoci\u00f3n primigenia del cine y las ultimas tendencias de ocio actual. Queremos generar diversidad dentro de la exhibici\u00f3n cinematogr\u00e1fica y poder ofrecer una alternativa a todos aquellos amantes del cine que, como nosotros, buscan ser los protagonistas de una experiencia cinematogr\u00e1fica nueva e innovadora; una experiencia que sea suya y refleje sus intereses y sus pasiones.<br \/> Nuestro deseo es que m\u00e1s y m\u00e1s gente se divierta disfrutando del mejor CINE en lugares realmente sorprendentes, encontr\u00e1ndose en espacios de interacci\u00f3n social y sensorial, y donde la proyecci\u00f3n de una gran pel\u00edcula termine por convertirse en un experiencia \u00fanica e inolvidable.<\/p>\n<p><strong>Contacta con nosotros:\u00a0 \u00a0<\/strong>\u00a0<a href=\"https:\/\/www.facebook.com\/Cine-al-Aire-Libre-153902631331126\/\" target=\"_blank\" rel=\"noopener noreferrer\"><img loading=\"lazy\" decoding=\"async\" src=\"http:\/\/www.cinedeverano.es\/1\/wp-content\/uploads\/2020\/05\/icono-facebook2.jpg\" width=\"18\" height=\"16\" alt=\"\" class=\"wp-image-2823 alignnone size-full\" \/><\/a>\u00a0\u00a0<a href=\"https:\/\/www.cinedeverano.es\/1\/contacto-2\/\"><img loading=\"lazy\" decoding=\"async\" src=\"http:\/\/www.cinedeverano.es\/1\/wp-content\/uploads\/2020\/05\/124034-300x300.png\" width=\"20\" height=\"20\" alt=\"\" class=\"wp-image-2822 alignnone size-medium\" \/><\/a><\/p>\n<p>[\/et_pb_text][\/et_pb_column][\/et_pb_row][\/et_pb_section][et_pb_section fb_built=\u00bb1&#8243; _builder_version=\u00bb4.0.6&#8243; custom_margin=\u00bb-26px|||||\u00bb custom_padding=\u00bb0px|||||\u00bb][et_pb_row column_structure=\u00bb1_3,1_3,1_3&#8243; _builder_version=\u00bb4.0.6&#8243; custom_padding=\u00bb35px|||||\u00bb][et_pb_column type=\u00bb1_3&#8243; _builder_version=\u00bb4.0.6&#8243;][et_pb_image src=\u00bbhttp:\/\/www.cinedeverano.es\/1\/wp-content\/uploads\/2020\/05\/botonera-cine-de-verano-fotos-en-portada.jpg\u00bb url=\u00bbhttps:\/\/www.cinedeverano.es\/1\/cine-de-verano-cine-al-aire-libre\/\u00bb _builder_version=\u00bb4.0.6&#8243; custom_margin=\u00bb0px|||||\u00bb][\/et_pb_image][et_pb_text _builder_version=\u00bb4.0.6&#8243; link_option_url=\u00bbhttps:\/\/www.cinedeverano.es\/1\/cine-de-verano-cine-al-aire-libre\/\u00bb]<\/p>\n<h4><a href=\"https:\/\/www.cinedeverano.es\/1\/cine-de-verano-cine-al-aire-libre\/\"><span style=\"color: #ff6600;\">&gt; Proyecci\u00f3n de cine al aire libre en gran formato (interior o exterior)\u00a0<\/span><\/a><\/h4>\n<p>[\/et_pb_text][\/et_pb_column][et_pb_column type=\u00bb1_3&#8243; _builder_version=\u00bb4.0.6&#8243;][et_pb_image src=\u00bbhttp:\/\/www.cinedeverano.es\/1\/wp-content\/uploads\/2020\/05\/botonera-gestion-de-salas-cine-de-verano.jpg\u00bb url=\u00bbhttps:\/\/www.cinedeverano.es\/1\/gestion-de-salas\/\u00bb _builder_version=\u00bb4.0.6&#8243;][\/et_pb_image][et_pb_text _builder_version=\u00bb4.0.6&#8243; link_option_url=\u00bbhttps:\/\/www.cinedeverano.es\/1\/gestion-de-salas\/\u00bb]<\/p>\n<h4 class=\"et_pb_module_header et-fb-editable-element et-fb-editable-element__editing\" data-shortcode-id=\"3.1.1.0-1590502434966\" data-quickaccess-id=\"header\" contenteditable=\"true\"><span style=\"color: #ff6600;\">&gt; Gesti\u00f3n de salas cinematogr\u00e1ficas<\/span><\/h4>\n<p>[\/et_pb_text][\/et_pb_column][et_pb_column type=\u00bb1_3&#8243; _builder_version=\u00bb4.0.6&#8243;][et_pb_image src=\u00bbhttp:\/\/www.cinedeverano.es\/1\/wp-content\/uploads\/2020\/05\/cinedeverano21portadadistribucion-1.jpg\u00bb url=\u00bbhttps:\/\/www.cinedeverano.es\/1\/gestion-de-salas\/\u00bb _builder_version=\u00bb4.0.6&#8243;][\/et_pb_image][et_pb_text _builder_version=\u00bb4.0.6&#8243; link_option_url=\u00bbhttps:\/\/www.cinedeverano.es\/1\/gestion-de-salas\/\u00bb]<\/p>\n<h4 class=\"et_pb_module_header et-fb-editable-element et-fb-editable-element__editing\" data-shortcode-id=\"3.1.1.0-1590502434966\" data-quickaccess-id=\"header\" contenteditable=\"true\"><span style=\"color: #ff6600;\">&gt;\u00a0CINE en Auditorios, Teatros, Casas de Cultura, Comunidades, Colegios<\/span><\/h4>\n<p>[\/et_pb_text][\/et_pb_column][\/et_pb_row][et_pb_row column_structure=\u00bb1_3,1_3,1_3&#8243; _builder_version=\u00bb4.0.6&#8243; custom_padding=\u00bb36px|||||\u00bb][et_pb_column type=\u00bb1_3&#8243; _builder_version=\u00bb4.0.6&#8243;][et_pb_image src=\u00bbhttp:\/\/www.cinedeverano.es\/1\/wp-content\/uploads\/2020\/05\/botonera-cine-de-verano-distribucion-peliculas.jpg\u00bb url=\u00bbhttps:\/\/www.cinedeverano.es\/1\/distribucion-de-peliculas\/\u00bb _builder_version=\u00bb4.0.6&#8243; custom_margin=\u00bb0px|||||\u00bb][\/et_pb_image][et_pb_text _builder_version=\u00bb4.0.6&#8243; link_option_url=\u00bbhttps:\/\/www.cinedeverano.es\/1\/distribucion-de-peliculas\/\u00bb]<\/p>\n<h4><span color=\"#ff6600\" style=\"color: #ff6600;\">&gt;<\/span><span style=\"color: #ff6600;\"> Derechos de Exhibici\u00f3n de PEL\u00cdCULAS \u00abDISTRIBUCI\u00d3N\u00bb<\/span><\/h4>\n<p>[\/et_pb_text][\/et_pb_column][et_pb_column type=\u00bb1_3&#8243; _builder_version=\u00bb4.0.6&#8243;][et_pb_image src=\u00bbhttp:\/\/www.cinedeverano.es\/1\/wp-content\/uploads\/2020\/05\/botonera-cinedeverano-cabecera-proyectores-dci.jpg\u00bb url=\u00bbhttps:\/\/www.cinedeverano.es\/1\/alquiler-proyectores-dci-2\/\u00bb _builder_version=\u00bb4.0.6&#8243;][\/et_pb_image][et_pb_text _builder_version=\u00bb4.0.6&#8243; link_option_url=\u00bbhttps:\/\/www.cinedeverano.es\/1\/alquiler-proyectores-dci-2\/\u00bb]<\/p>\n<h4 class=\"et_pb_module_header et-fb-editable-element et-fb-editable-element__editing\" data-shortcode-id=\"3.1.1.0-1590502434966\" data-quickaccess-id=\"header\" contenteditable=\"true\"><span style=\"color: #ff6600;\">&gt;\u00a0Alquiler equipos DCI para Cine Comercial de Estreno<\/span><\/h4>\n<p>[\/et_pb_text][\/et_pb_column][et_pb_column type=\u00bb1_3&#8243; _builder_version=\u00bb4.0.6&#8243;][et_pb_image src=\u00bbhttp:\/\/www.cinedeverano.es\/1\/wp-content\/uploads\/2020\/05\/botonera-cine-de-verano-Portada-autocine.jpg\u00bb url=\u00bbhttps:\/\/www.cinedeverano.es\/1\/autocine\/\u00bb _builder_version=\u00bb4.0.6&#8243;][\/et_pb_image][et_pb_text _builder_version=\u00bb4.0.6&#8243; link_option_url=\u00bbhttps:\/\/www.cinedeverano.es\/1\/autocine\/\u00bb]<\/p>\n<h4 class=\"et_pb_module_header et-fb-editable-element et-fb-editable-element__editing\" data-shortcode-id=\"3.1.1.0-1590502434966\" data-quickaccess-id=\"header\" contenteditable=\"true\"><span style=\"color: #ff6600;\">&gt;\u00a0AUTOCINE<\/span><\/h4>\n<p>[\/et_pb_text][\/et_pb_column][\/et_pb_row][\/et_pb_section][et_pb_section fb_built=\u00bb1&#8243; use_custom_gutter=\u00bbon\u00bb gutter_width=\u00bb1&#8243; specialty=\u00bbon\u00bb padding_top_1=\u00bb0px\u00bb padding_bottom_1=\u00bb0px\u00bb admin_label=\u00bbImage Gallery Section\u00bb module_class=\u00bb et_pb_specialty_fullwidth\u00bb _builder_version=\u00bb3.22&#8243; inner_width=\u00bb100%\u00bb inner_width_tablet=\u00bb100%\u00bb inner_width_phone=\u00bb\u00bb inner_width_last_edited=\u00bbon|desktop\u00bb inner_max_width=\u00bb100%\u00bb inner_max_width_tablet=\u00bb100%\u00bb inner_max_width_phone=\u00bb\u00bb inner_max_width_last_edited=\u00bbon|desktop\u00bb min_height=\u00bb1486px\u00bb custom_padding=\u00bb19px|0px|0px|0px||\u00bb make_fullwidth=\u00bbon\u00bb][et_pb_column type=\u00bb1_2&#8243; _builder_version=\u00bb3.25&#8243; custom_padding=\u00bb|||\u00bb custom_padding__hover=\u00bb|||\u00bb][et_pb_image src=\u00bbhttp:\/\/www.cinedeverano.es\/1\/wp-content\/uploads\/2020\/05\/cinedeverano9san-benito-valladolid-1.jpg\u00bb show_in_lightbox=\u00bbon\u00bb use_overlay=\u00bbon\u00bb overlay_icon_color=\u00bb#ffffff\u00bb hover_overlay_color=\u00bbrgba(0,0,0,0.3)\u00bb hover_icon=\u00bb%%15%%\u00bb force_fullwidth=\u00bbon\u00bb align_tablet=\u00bbcenter\u00bb align_phone=\u00bb\u00bb align_last_edited=\u00bbon|desktop\u00bb _builder_version=\u00bb4.0.6&#8243; custom_margin=\u00bb|||\u00bb box_shadow_style=\u00bbpreset7&#8243; box_shadow_horizontal=\u00bb0px\u00bb box_shadow_vertical=\u00bb0px\u00bb box_shadow_spread=\u00bb8px\u00bb box_shadow_color=\u00bb#ffffff\u00bb locked=\u00bboff\u00bb][\/et_pb_image][\/et_pb_column][et_pb_column type=\u00bb1_2&#8243; specialty_columns=\u00bb2&#8243; _builder_version=\u00bb3.25&#8243; custom_padding=\u00bb|||\u00bb custom_padding__hover=\u00bb|||\u00bb][et_pb_row_inner _builder_version=\u00bb3.25&#8243; custom_padding=\u00bb0px|0px|0px|0px\u00bb][et_pb_column_inner saved_specialty_column_type=\u00bb1_2&#8243; _builder_version=\u00bb3.25&#8243; custom_padding=\u00bb|||\u00bb custom_padding__hover=\u00bb|||\u00bb][et_pb_image src=\u00bbhttp:\/\/www.cinedeverano.es\/1\/wp-content\/uploads\/2020\/05\/cinedeverano8plazatoros-1.jpg\u00bb show_in_lightbox=\u00bbon\u00bb use_overlay=\u00bbon\u00bb overlay_icon_color=\u00bb#ffffff\u00bb hover_overlay_color=\u00bbrgba(0,0,0,0.3)\u00bb hover_icon=\u00bb%%15%%\u00bb force_fullwidth=\u00bbon\u00bb align_tablet=\u00bbcenter\u00bb align_phone=\u00bb\u00bb align_last_edited=\u00bbon|desktop\u00bb _builder_version=\u00bb4.0.6&#8243; custom_margin=\u00bb|||\u00bb box_shadow_style=\u00bbpreset7&#8243; box_shadow_horizontal=\u00bb0px\u00bb box_shadow_vertical=\u00bb0px\u00bb box_shadow_spread=\u00bb8px\u00bb box_shadow_color=\u00bb#ffffff\u00bb locked=\u00bboff\u00bb][\/et_pb_image][\/et_pb_column_inner][\/et_pb_row_inner][et_pb_row_inner column_structure=\u00bb1_2,1_2&#8243; use_custom_gutter=\u00bbon\u00bb gutter_width=\u00bb1&#8243; _builder_version=\u00bb3.25&#8243; custom_padding=\u00bb0px|0px|0px|0px\u00bb][et_pb_column_inner type=\u00bb1_2&#8243; saved_specialty_column_type=\u00bb1_2&#8243; _builder_version=\u00bb3.25&#8243; custom_padding=\u00bb|||\u00bb custom_padding__hover=\u00bb|||\u00bb][et_pb_image src=\u00bbhttp:\/\/www.cinedeverano.es\/1\/wp-content\/uploads\/2020\/05\/cinedeverano5pantallajardin-1.jpg\u00bb show_in_lightbox=\u00bbon\u00bb use_overlay=\u00bbon\u00bb overlay_icon_color=\u00bb#ffffff\u00bb hover_overlay_color=\u00bbrgba(0,0,0,0.3)\u00bb hover_icon=\u00bb%%15%%\u00bb force_fullwidth=\u00bbon\u00bb align_tablet=\u00bbcenter\u00bb align_phone=\u00bb\u00bb align_last_edited=\u00bbon|desktop\u00bb _builder_version=\u00bb4.0.6&#8243; custom_margin=\u00bb|||\u00bb box_shadow_style=\u00bbpreset7&#8243; box_shadow_horizontal=\u00bb0px\u00bb box_shadow_vertical=\u00bb0px\u00bb box_shadow_spread=\u00bb8px\u00bb box_shadow_color=\u00bb#ffffff\u00bb locked=\u00bboff\u00bb][\/et_pb_image][\/et_pb_column_inner][et_pb_column_inner type=\u00bb1_2&#8243; saved_specialty_column_type=\u00bb1_2&#8243; _builder_version=\u00bb3.25&#8243; custom_padding=\u00bb|||\u00bb custom_padding__hover=\u00bb|||\u00bb][et_pb_image src=\u00bbhttp:\/\/www.cinedeverano.es\/1\/wp-content\/uploads\/2020\/05\/cinedeverano6pantallacastillo-1.jpg\u00bb show_in_lightbox=\u00bbon\u00bb use_overlay=\u00bbon\u00bb overlay_icon_color=\u00bb#ffffff\u00bb hover_overlay_color=\u00bbrgba(0,0,0,0.3)\u00bb hover_icon=\u00bb%%15%%\u00bb force_fullwidth=\u00bbon\u00bb align_tablet=\u00bbcenter\u00bb align_phone=\u00bb\u00bb align_last_edited=\u00bbon|desktop\u00bb _builder_version=\u00bb4.0.6&#8243; custom_margin=\u00bb|||\u00bb box_shadow_style=\u00bbpreset7&#8243; box_shadow_horizontal=\u00bb0px\u00bb box_shadow_vertical=\u00bb0px\u00bb box_shadow_spread=\u00bb8px\u00bb box_shadow_color=\u00bb#ffffff\u00bb locked=\u00bboff\u00bb][\/et_pb_image][\/et_pb_column_inner][\/et_pb_row_inner][\/et_pb_column][\/et_pb_section][et_pb_section fb_built=\u00bb1&#8243; admin_label=\u00bbFeature Section\u00bb _builder_version=\u00bb3.22&#8243; min_height=\u00bb787px\u00bb custom_padding=\u00bb100px||0px|||\u00bb][et_pb_row column_structure=\u00bb1_2,1_2&#8243; admin_label=\u00bbFeature 01 Area\u00bb _builder_version=\u00bb3.25&#8243; min_height=\u00bb680px\u00bb custom_margin=\u00bb-962px|auto|-18px|auto||\u00bb custom_padding=\u00bb51px|0px|0px|0px||\u00bb][et_pb_column type=\u00bb1_2&#8243; _builder_version=\u00bb3.25&#8243; custom_padding=\u00bb|||\u00bb custom_padding__hover=\u00bb|||\u00bb][et_pb_image src=\u00bbhttp:\/\/www.cinedeverano.es\/1\/wp-content\/uploads\/2020\/05\/cinedeverano11proyector.jpg\u00bb force_fullwidth=\u00bbon\u00bb align_tablet=\u00bbcenter\u00bb align_phone=\u00bb\u00bb align_last_edited=\u00bbon|desktop\u00bb _builder_version=\u00bb4.0.6&#8243; custom_margin=\u00bb|||\u00bb custom_padding=\u00bb|||40px\u00bb custom_padding_tablet=\u00bb|||0px\u00bb custom_padding_phone=\u00bb\u00bb custom_padding_last_edited=\u00bbon|tablet\u00bb animation_style=\u00bbslide\u00bb animation_direction=\u00bbright\u00bb animation_intensity_slide=\u00bb8%\u00bb animation_starting_opacity=\u00bb100%\u00bb][\/et_pb_image][\/et_pb_column][et_pb_column type=\u00bb1_2&#8243; _builder_version=\u00bb3.25&#8243; custom_padding=\u00bb5%|5%|5%|5%\u00bb custom_padding__hover=\u00bb|||\u00bb][et_pb_text admin_label=\u00bbTitle\u00bb _builder_version=\u00bb4.0.6&#8243; text_font=\u00bb||||||||\u00bb header_font=\u00bb||||||||\u00bb header_2_font=\u00bbLato||||||||\u00bb header_2_font_size=\u00bb36px\u00bb header_2_line_height=\u00bb1.5em\u00bb module_alignment=\u00bbcenter\u00bb min_height=\u00bb56px\u00bb custom_margin=\u00bb-42px||15px|||\u00bb custom_padding=\u00bb|||\u00bb animation_direction=\u00bbleft\u00bb]<\/p>\n<h2>Nuestra empresa<\/h2>\n<p>[\/et_pb_text][et_pb_text _builder_version=\u00bb4.0.6&#8243; text_font=\u00bb||||||||\u00bb text_font_size=\u00bb18px\u00bb text_line_height=\u00bb1.8em\u00bb header_font=\u00bb||||||||\u00bb max_width=\u00bb525px\u00bb module_alignment=\u00bbleft\u00bb animation_style=\u00bbflip\u00bb animation_direction=\u00bbleft\u00bb animation_intensity_flip=\u00bb20%\u00bb animation_starting_opacity=\u00bb100%\u00bb]<\/p>\n<p>Nuestra empresa nace en el a\u00f1o 1942, comenzando con un cinemat\u00f3grafo en Pedrajas de San Esteban (Valladolid). Hoy ya somos la tercera generaci\u00f3n de una familia dedicada a la imagen y al sonido, y mantenemos abierta, entre otras, la sala de cine en activo m\u00e1s antigua de la provincia de Valladolid, y hemos crecido estos a\u00f1os con salas situadas en otros puntos de la geograf\u00eda espa\u00f1ola.<\/p>\n<p>Disponemos de personal titulado en Imagen y Sonido, Telecomunicaciones y Electr\u00f3nica, pero el mayor valor que ofrecemos es la gran experiencia.<\/p>\n<p>[\/et_pb_text][et_pb_button button_url=\u00bbhttps:\/\/www.cinedeverano.es\/1\/sobre-nosotros\/\u00bb button_text=\u00bbPara saber m\u00e1s\u00bb _builder_version=\u00bb4.0.6&#8243; custom_button=\u00bbon\u00bb button_text_size=\u00bb18px\u00bb button_text_color=\u00bb#ff6600&#8243; button_border_width=\u00bb0px\u00bb button_border_radius=\u00bb0px\u00bb button_letter_spacing=\u00bb1px\u00bb button_font=\u00bbLato|700|||||||\u00bb button_use_icon=\u00bboff\u00bb background_layout=\u00bbdark\u00bb custom_margin=\u00bb|||\u00bb custom_padding=\u00bb0px|0px|0px|0px\u00bb animation_direction=\u00bbleft\u00bb button_text_color_hover=\u00bb#02d002&#8243; button_border_color_hover=\u00bbrgba(0,0,0,0)\u00bb button_border_radius_hover=\u00bb0px\u00bb button_letter_spacing_hover=\u00bb1px\u00bb button_bg_color_hover=\u00bbrgba(0,0,0,0)\u00bb button_text_size__hover_enabled=\u00bboff\u00bb button_one_text_size__hover_enabled=\u00bboff\u00bb button_two_text_size__hover_enabled=\u00bboff\u00bb button_text_color__hover_enabled=\u00bbon|hover\u00bb button_text_color__hover=\u00bb#f7b80d\u00bb button_one_text_color__hover_enabled=\u00bboff\u00bb button_two_text_color__hover_enabled=\u00bboff\u00bb button_border_width__hover_enabled=\u00bboff\u00bb button_one_border_width__hover_enabled=\u00bboff\u00bb button_two_border_width__hover_enabled=\u00bboff\u00bb button_border_color__hover_enabled=\u00bbon\u00bb button_border_color__hover=\u00bbrgba(0,0,0,0)\u00bb button_one_border_color__hover_enabled=\u00bboff\u00bb button_two_border_color__hover_enabled=\u00bboff\u00bb button_border_radius__hover_enabled=\u00bbon\u00bb button_border_radius__hover=\u00bb0px\u00bb button_one_border_radius__hover_enabled=\u00bboff\u00bb button_two_border_radius__hover_enabled=\u00bboff\u00bb button_letter_spacing__hover_enabled=\u00bbon\u00bb button_letter_spacing__hover=\u00bb1px\u00bb button_one_letter_spacing__hover_enabled=\u00bboff\u00bb button_two_letter_spacing__hover_enabled=\u00bboff\u00bb button_bg_color__hover_enabled=\u00bbon\u00bb button_bg_color__hover=\u00bbrgba(0,0,0,0)\u00bb button_one_bg_color__hover_enabled=\u00bboff\u00bb button_two_bg_color__hover_enabled=\u00bboff\u00bb][\/et_pb_button][\/et_pb_column][\/et_pb_row][et_pb_row column_structure=\u00bb1_2,1_2&#8243; admin_label=\u00bbFeature 02 Area\u00bb _builder_version=\u00bb3.25&#8243; background_color=\u00bb#374059&#8243; custom_margin=\u00bb2px|auto|180px|auto||\u00bb custom_padding=\u00bb2px|0px|0px|0px||\u00bb][et_pb_column type=\u00bb1_2&#8243; _builder_version=\u00bb3.25&#8243; custom_padding=\u00bb5%|5%|5%|5%\u00bb custom_padding_tablet=\u00bb0px|0px|0px|0px\u00bb custom_padding_last_edited=\u00bboff|desktop\u00bb padding_tablet=\u00bb0px|0px|0px|0px\u00bb padding_last_edited=\u00bboff|desktop\u00bb custom_padding__hover=\u00bb|||\u00bb][et_pb_text admin_label=\u00bbTitle\u00bb _builder_version=\u00bb3.27.4&#8243; text_font=\u00bb||||||||\u00bb text_font_size=\u00bb16px\u00bb text_line_height=\u00bb1.8em\u00bb header_font=\u00bb||||||||\u00bb header_2_font=\u00bbLato||||||||\u00bb header_2_font_size=\u00bb36px\u00bb header_2_line_height=\u00bb1.5em\u00bb background_layout=\u00bbdark\u00bb module_alignment=\u00bbcenter\u00bb custom_margin=\u00bb||15px|\u00bb custom_padding=\u00bb|||\u00bb animation_direction=\u00bbleft\u00bb locked=\u00bboff\u00bb]<\/p>\n<h2>Nuestros clientes<\/h2>\n<p>[\/et_pb_text][et_pb_text _builder_version=\u00bb4.0.6&#8243; text_font=\u00bb||||||||\u00bb text_text_color=\u00bbrgba(255,255,255,0.66)\u00bb text_font_size=\u00bb18px\u00bb text_line_height=\u00bb1.8em\u00bb header_font=\u00bb||||||||\u00bb background_layout=\u00bbdark\u00bb max_width=\u00bb525px\u00bb module_alignment=\u00bbleft\u00bb animation_style=\u00bbflip\u00bb animation_direction=\u00bbleft\u00bb animation_intensity_flip=\u00bb20%\u00bb animation_starting_opacity=\u00bb100%\u00bb locked=\u00bboff\u00bb]<\/p>\n<p>Principales Ayuntamientos de toda Espa\u00f1a y Diputaciones Provinciales.<\/p>\n<p>Somos especialistas en la instalaci\u00f3n y ajuste de equipos de proyecci\u00f3n en salas multiusos, teatros, cines antiguos, pabellones deportivos, autocines, etc. y tambi\u00e9n en el exterior, plazas mayores, aparcamientos, carpas, plazas de toros, etc.<\/p>\n<p>Poseemos contacto y relaci\u00f3n pr\u00e1cticamente con todas las distribuidoras nacionales e internacionales para gestionar y negociar la contrataci\u00f3n de cualquier pel\u00edcula de estreno para su exhibici\u00f3n comercial.<\/p>\n<p>[\/et_pb_text][et_pb_button button_url=\u00bbhttps:\/\/www.cinedeverano.es\/1\/contacto-2\/\u00bb button_text=\u00bbPre estrenos de pel\u00edculas en cualquier lugar &#8230; Exterior &#8230; Interior \u2026 \u201c Cu\u00e9ntenos su idea %22&#8243; _builder_version=\u00bb4.0.6&#8243; custom_button=\u00bbon\u00bb button_text_size=\u00bb18px\u00bb button_text_color=\u00bb#ff6600&#8243; button_border_width=\u00bb0px\u00bb button_border_radius=\u00bb0px\u00bb button_letter_spacing=\u00bb1px\u00bb button_font=\u00bbLato|700|||||||\u00bb button_use_icon=\u00bboff\u00bb custom_margin=\u00bb|||\u00bb custom_padding=\u00bb0px|0px|0px|0px\u00bb animation_style=\u00bbfold\u00bb animation_direction=\u00bbleft\u00bb animation_intensity_fold=\u00bb20%\u00bb animation_starting_opacity=\u00bb100%\u00bb button_text_color_hover=\u00bb#02d002&#8243; button_border_color_hover=\u00bbrgba(0,0,0,0)\u00bb button_border_radius_hover=\u00bb0px\u00bb button_letter_spacing_hover=\u00bb1px\u00bb button_bg_color_hover=\u00bbrgba(0,0,0,0)\u00bb locked=\u00bboff\u00bb button_text_size__hover_enabled=\u00bboff\u00bb button_one_text_size__hover_enabled=\u00bboff\u00bb button_two_text_size__hover_enabled=\u00bboff\u00bb button_text_color__hover_enabled=\u00bbon|desktop\u00bb button_text_color__hover=\u00bb#f7b80d\u00bb button_one_text_color__hover_enabled=\u00bboff\u00bb button_two_text_color__hover_enabled=\u00bboff\u00bb button_border_width__hover_enabled=\u00bboff\u00bb button_one_border_width__hover_enabled=\u00bboff\u00bb button_two_border_width__hover_enabled=\u00bboff\u00bb button_border_color__hover_enabled=\u00bbon\u00bb button_border_color__hover=\u00bbrgba(0,0,0,0)\u00bb button_one_border_color__hover_enabled=\u00bboff\u00bb button_two_border_color__hover_enabled=\u00bboff\u00bb button_border_radius__hover_enabled=\u00bbon\u00bb button_border_radius__hover=\u00bb0px\u00bb button_one_border_radius__hover_enabled=\u00bboff\u00bb button_two_border_radius__hover_enabled=\u00bboff\u00bb button_letter_spacing__hover_enabled=\u00bbon\u00bb button_letter_spacing__hover=\u00bb1px\u00bb button_one_letter_spacing__hover_enabled=\u00bboff\u00bb button_two_letter_spacing__hover_enabled=\u00bboff\u00bb button_bg_color__hover_enabled=\u00bbon\u00bb button_bg_color__hover=\u00bbrgba(0,0,0,0)\u00bb button_one_bg_color__hover_enabled=\u00bboff\u00bb button_two_bg_color__hover_enabled=\u00bboff\u00bb][\/et_pb_button][\/et_pb_column][et_pb_column type=\u00bb1_2&#8243; _builder_version=\u00bb3.25&#8243; custom_padding=\u00bb|||\u00bb custom_padding__hover=\u00bb|||\u00bb][et_pb_image src=\u00bbhttp:\/\/www.cinedeverano.es\/1\/wp-content\/uploads\/2020\/05\/cine-de-verano-nuestra-empresa.jpg\u00bb force_fullwidth=\u00bbon\u00bb align_tablet=\u00bbcenter\u00bb align_phone=\u00bb\u00bb align_last_edited=\u00bbon|desktop\u00bb _builder_version=\u00bb4.0.6&#8243; min_height=\u00bb426px\u00bb height=\u00bb588px\u00bb max_height=\u00bb574px\u00bb custom_margin=\u00bb-23px||-24px||false|false\u00bb custom_padding=\u00bb|8px|0px|||\u00bb animation_style=\u00bbslide\u00bb animation_direction=\u00bbleft\u00bb animation_intensity_slide=\u00bb8%\u00bb animation_starting_opacity=\u00bb100%\u00bb box_shadow_style=\u00bbpreset1&#8243; box_shadow_blur=\u00bb80px\u00bb][\/et_pb_image][\/et_pb_column][\/et_pb_row][et_pb_row column_structure=\u00bb1_3,1_3,1_3&#8243; admin_label=\u00bbStats\u00bb _builder_version=\u00bb3.25&#8243; custom_margin=\u00bb-181px|auto||auto||\u00bb custom_padding=\u00bb56px|0px|27px|0px||\u00bb][et_pb_column type=\u00bb1_3&#8243; _builder_version=\u00bb3.25&#8243; custom_padding=\u00bb|||\u00bb custom_padding__hover=\u00bb|||\u00bb][et_pb_number_counter title=\u00bbCLIENTES\u00bb number=\u00bb118&#8243; percent_sign=\u00bboff\u00bb _builder_version=\u00bb4.0.6&#8243; title_font=\u00bbLato||||||||\u00bb title_line_height=\u00bb1.5em\u00bb number_font=\u00bbLato|700|||||||\u00bb number_text_color=\u00bb#f75002&#8243; number_font_size=\u00bb84px\u00bb custom_margin=\u00bb||40px|\u00bb custom_padding=\u00bb3px|||||\u00bb][\/et_pb_number_counter][\/et_pb_column][et_pb_column type=\u00bb1_3&#8243; _builder_version=\u00bb3.25&#8243; custom_padding=\u00bb|||\u00bb custom_padding__hover=\u00bb|||\u00bb][et_pb_number_counter title=\u00bbSATISFACCI\u00d3N\u00bb number=\u00bb99&#8243; _builder_version=\u00bb4.0.6&#8243; title_font=\u00bbLato||||||||\u00bb title_line_height=\u00bb1.5em\u00bb number_font=\u00bbLato|700|||||||\u00bb number_text_color=\u00bb#f29e02&#8243; number_font_size=\u00bb84px\u00bb custom_margin=\u00bb||40px|\u00bb locked=\u00bboff\u00bb][\/et_pb_number_counter][\/et_pb_column][et_pb_column type=\u00bb1_3&#8243; _builder_version=\u00bb3.25&#8243; custom_padding=\u00bb|||\u00bb custom_padding__hover=\u00bb|||\u00bb][et_pb_number_counter title=\u00bbLOCALIDADES\u00bb number=\u00bb48&#8243; percent_sign=\u00bboff\u00bb _builder_version=\u00bb4.0.6&#8243; title_font=\u00bbLato||||||||\u00bb title_line_height=\u00bb1.5em\u00bb number_font=\u00bbLato|700|||||||\u00bb number_text_color=\u00bb#374059&#8243; number_font_size=\u00bb84px\u00bb custom_margin=\u00bb||40px|\u00bb locked=\u00bboff\u00bb][\/et_pb_number_counter][\/et_pb_column][\/et_pb_row][\/et_pb_section][et_pb_section fb_built=\u00bb1&#8243; admin_label=\u00bbVideo Section\u00bb _builder_version=\u00bb3.22&#8243; background_color=\u00bb#f7f7f7&#8243; use_background_color_gradient=\u00bbon\u00bb background_color_gradient_start=\u00bb#ffffff\u00bb background_color_gradient_end=\u00bb#f7f7f7&#8243; min_height=\u00bb649px\u00bb custom_margin=\u00bb||9px|||\u00bb custom_padding=\u00bb|||\u00bb][et_pb_row admin_label=\u00bbVideo Area\u00bb _builder_version=\u00bb3.25&#8243; max_width=\u00bb1440px\u00bb custom_margin=\u00bb-216px|auto||auto||\u00bb custom_padding=\u00bb|||\u00bb use_custom_width=\u00bbon\u00bb custom_width_px=\u00bb1440px\u00bb][et_pb_column type=\u00bb4_4&#8243; _builder_version=\u00bb3.25&#8243; custom_padding=\u00bb|||\u00bb custom_padding__hover=\u00bb|||\u00bb][et_pb_video image_src=\u00bb\/\/i.ytimg.com\/vi\/TKfAPxKF2hU\/hqdefault.jpg\u00bb thumbnail_overlay_color=\u00bbrgba(0,0,0,0.6)\u00bb _builder_version=\u00bb4.0.6&#8243; custom_padding=\u00bb||7px|||\u00bb box_shadow_style=\u00bbpreset3&#8243; box_shadow_vertical=\u00bb45px\u00bb box_shadow_blur=\u00bb50px\u00bb box_shadow_spread=\u00bb-31px\u00bb hover_enabled=\u00bb0&#8243; src=\u00bbhttps:\/\/youtu.be\/TKfAPxKF2hU\u00bb src_webm=\u00bbhttps:\/\/youtu.be\/TKfAPxKF2hU\u00bb][\/et_pb_video][\/et_pb_column][\/et_pb_row][et_pb_row _builder_version=\u00bb4.0.6&#8243; custom_padding=\u00bb47px|||||\u00bb locked=\u00bboff\u00bb][et_pb_column type=\u00bb4_4&#8243; _builder_version=\u00bb4.0.6&#8243;][et_pb_image src=\u00bbhttp:\/\/www.cinedeverano.es\/1\/wp-content\/uploads\/2020\/08\/bajo-cine-verano.jpg\u00bb show_in_lightbox=\u00bbon\u00bb _builder_version=\u00bb4.0.6&#8243; custom_margin=\u00bb-17px|||||\u00bb][\/et_pb_image][et_pb_menu menu_id=\u00bb13&#8243; menu_style=\u00bbcentered\u00bb submenu_direction=\u00bbupwards\u00bb _builder_version=\u00bb4.0.6&#8243; menu_font=\u00bb|600|||||||\u00bb menu_text_color=\u00bb#ff6600&#8243; menu_font_size=\u00bb13px\u00bb box_shadow_style=\u00bbpreset1&#8243; box_shadow_color=\u00bb#ff6600&#8243;][\/et_pb_menu][\/et_pb_column][\/et_pb_row][\/et_pb_section]<\/p>\n","protected":false},"excerpt":{"rendered":"<p>[et_pb_section fb_built=\u00bb1&#8243; fullwidth=\u00bbon\u00bb _builder_version=\u00bb3.22&#8243; animation_style=\u00bbslide\u00bb animation_direction=\u00bbtop\u00bb animation_intensity_slide=\u00bb2%\u00bb animation_starting_opacity=\u00bb100%\u00bb][et_pb_fullwidth_header title=\u00bbCine de Verano\u00bb button_one_text=\u00bbVIVE UNA EXPERIENCIA \u00daNICA BAJO LAS ESTRELLAS\u00bb content_max_width=\u00bb700px\u00bb _builder_version=\u00bb4.0.6&#8243; title_font=\u00bbLato||||||||\u00bb title_font_size=\u00bb60px\u00bb title_line_height=\u00bb1.2em\u00bb content_font=\u00bb||||||||\u00bb content_font_size=\u00bb20px\u00bb content_line_height=\u00bb1.8em\u00bb background_color=\u00bbrgba(255, 255, 255, 0)\u00bb use_background_color_gradient=\u00bbon\u00bb background_color_gradient_start=\u00bbrgba(0,0,0,0.75)\u00bb background_color_gradient_end=\u00bbrgba(0,0,0,0)\u00bb background_color_gradient_direction=\u00bb90deg\u00bb background_color_gradient_overlays_image=\u00bbon\u00bb background_image=\u00bbhttp:\/\/www.cinedeverano.es\/1\/wp-content\/uploads\/2020\/05\/WhatsApp-Image-2020-05-25-at-19.52.38.jpeg\u00bb custom_button_one=\u00bbon\u00bb button_one_text_size=\u00bb18px\u00bb button_one_bg_color=\u00bb#ff6600&#8243; button_one_border_width=\u00bb2px\u00bb button_one_border_color=\u00bb#ff6600&#8243; button_one_border_radius=\u00bb0px\u00bb button_one_letter_spacing=\u00bb1px\u00bb button_one_font=\u00bbLato|700|||||||\u00bb button_one_use_icon=\u00bboff\u00bb custom_button_two=\u00bbon\u00bb button_two_text_size=\u00bb18px\u00bb button_two_text_color=\u00bb#353740&#8243; button_two_bg_color=\u00bb#ffffff\u00bb button_two_border_width=\u00bb8px\u00bb button_two_border_color=\u00bb#ffffff\u00bb button_two_border_radius=\u00bb0px\u00bb button_two_letter_spacing=\u00bb1px\u00bb button_two_font=\u00bbLato|700|||||||\u00bb button_two_use_icon=\u00bboff\u00bb [&hellip;]<\/p>\n","protected":false},"author":1,"featured_media":0,"parent":0,"menu_order":0,"comment_status":"closed","ping_status":"closed","template":"page-template-blank.php","meta":{"_et_pb_use_builder":"on","_et_pb_old_content":"","footnotes":""},"class_list":["post-2232","page","type-page","status-publish","hentry"],"_links":{"self":[{"href":"https:\/\/www.cinedeverano.es\/1\/wp-json\/wp\/v2\/pages\/2232","targetHints":{"allow":["GET"]}}],"collection":[{"href":"https:\/\/www.cinedeverano.es\/1\/wp-json\/wp\/v2\/pages"}],"about":[{"href":"https:\/\/www.cinedeverano.es\/1\/wp-json\/wp\/v2\/types\/page"}],"author":[{"embeddable":true,"href":"https:\/\/www.cinedeverano.es\/1\/wp-json\/wp\/v2\/users\/1"}],"replies":[{"embeddable":true,"href":"https:\/\/www.cinedeverano.es\/1\/wp-json\/wp\/v2\/comments?post=2232"}],"version-history":[{"count":87,"href":"https:\/\/www.cinedeverano.es\/1\/wp-json\/wp\/v2\/pages\/2232\/revisions"}],"predecessor-version":[{"id":2954,"href":"https:\/\/www.cinedeverano.es\/1\/wp-json\/wp\/v2\/pages\/2232\/revisions\/2954"}],"wp:attachment":[{"href":"https:\/\/www.cinedeverano.es\/1\/wp-json\/wp\/v2\/media?parent=2232"}],"curies":[{"name":"wp","href":"https:\/\/api.w.org\/{rel}","templated":true}]}}