{"id":2188,"date":"2020-05-07T10:42:55","date_gmt":"2020-05-07T10:42:55","guid":{"rendered":"https:\/\/www.cinedeverano.es\/1\/?page_id=2188"},"modified":"2023-07-03T20:32:30","modified_gmt":"2023-07-03T20:32:30","slug":"cine-de-verano-cine-al-aire-libre","status":"publish","type":"page","link":"https:\/\/www.cinedeverano.es\/1\/cine-de-verano-cine-al-aire-libre\/","title":{"rendered":"CINE DE VERANO &#8211; CINE AL AIRE LIBRE"},"content":{"rendered":"<p>[et_pb_section fb_built=\u00bb1&#8243; fullwidth=\u00bbon\u00bb _builder_version=\u00bb3.22&#8243; animation_style=\u00bbslide\u00bb animation_direction=\u00bbtop\u00bb animation_intensity_slide=\u00bb2%\u00bb animation_starting_opacity=\u00bb100%\u00bb][et_pb_fullwidth_header content_max_width=\u00bb700px\u00bb _builder_version=\u00bb4.0.6&#8243; title_font=\u00bbLato||||||||\u00bb title_font_size=\u00bb60px\u00bb title_line_height=\u00bb1.2em\u00bb content_font=\u00bb||||||||\u00bb content_font_size=\u00bb20px\u00bb content_line_height=\u00bb1.8em\u00bb background_color=\u00bbrgba(255, 255, 255, 0)\u00bb use_background_color_gradient=\u00bbon\u00bb background_color_gradient_start=\u00bbrgba(0,0,0,0.75)\u00bb background_color_gradient_end=\u00bbrgba(0,0,0,0)\u00bb background_color_gradient_direction=\u00bb90deg\u00bb background_color_gradient_overlays_image=\u00bbon\u00bb background_image=\u00bbhttp:\/\/www.cinedeverano.es\/1\/wp-content\/uploads\/2020\/05\/cine-de-verano-b.jpg\u00bb custom_button_one=\u00bbon\u00bb button_one_text_size=\u00bb18px\u00bb button_one_bg_color=\u00bb#02d002&#8243; button_one_border_width=\u00bb8px\u00bb button_one_border_color=\u00bb#02d002&#8243; button_one_border_radius=\u00bb0px\u00bb button_one_letter_spacing=\u00bb1px\u00bb button_one_font=\u00bbLato|700|||||||\u00bb button_one_use_icon=\u00bboff\u00bb custom_button_two=\u00bbon\u00bb button_two_text_size=\u00bb18px\u00bb button_two_text_color=\u00bb#353740&#8243; button_two_bg_color=\u00bb#ffffff\u00bb button_two_border_width=\u00bb8px\u00bb button_two_border_color=\u00bb#ffffff\u00bb button_two_border_radius=\u00bb0px\u00bb button_two_letter_spacing=\u00bb1px\u00bb button_two_font=\u00bbLato|700|||||||\u00bb button_two_use_icon=\u00bboff\u00bb custom_margin=\u00bb|||\u00bb custom_padding=\u00bb11.5%||12%|||\u00bb button_one_letter_spacing_hover=\u00bb1px\u00bb button_two_letter_spacing_hover=\u00bb1px\u00bb button_one_text_size__hover_enabled=\u00bboff\u00bb button_two_text_size__hover_enabled=\u00bboff\u00bb button_one_text_color__hover_enabled=\u00bboff\u00bb button_two_text_color__hover_enabled=\u00bboff\u00bb button_one_border_width__hover_enabled=\u00bboff\u00bb button_two_border_width__hover_enabled=\u00bboff\u00bb button_one_border_color__hover_enabled=\u00bboff\u00bb button_two_border_color__hover_enabled=\u00bboff\u00bb button_one_border_radius__hover_enabled=\u00bboff\u00bb button_two_border_radius__hover_enabled=\u00bboff\u00bb button_one_letter_spacing__hover_enabled=\u00bbon\u00bb button_one_letter_spacing__hover=\u00bb1px\u00bb button_two_letter_spacing__hover_enabled=\u00bbon\u00bb button_two_letter_spacing__hover=\u00bb1px\u00bb button_one_bg_color__hover_enabled=\u00bboff\u00bb button_two_bg_color__hover_enabled=\u00bboff\u00bb]<\/p>\n<p>&nbsp;<\/p>\n<p>&nbsp;<\/p>\n<p>[\/et_pb_fullwidth_header][\/et_pb_section][et_pb_section fb_built=\u00bb1&#8243; _builder_version=\u00bb4.0.6&#8243; min_height=\u00bb68px\u00bb custom_margin=\u00bb||-66px|||\u00bb custom_padding=\u00bb8px|||||\u00bb][et_pb_row _builder_version=\u00bb4.0.6&#8243; custom_padding=\u00bb0px|||||\u00bb][et_pb_column type=\u00bb4_4&#8243; _builder_version=\u00bb4.0.6&#8243;][et_pb_menu menu_id=\u00bb14&#8243; menu_style=\u00bbcentered\u00bb submenu_direction=\u00bbdownwards\u00bb _builder_version=\u00bb4.0.6&#8243; menu_font=\u00bb|600|||||||\u00bb menu_text_color=\u00bb#ff6600&#8243; menu_font_size=\u00bb13px\u00bb min_height=\u00bb24px\u00bb custom_margin=\u00bb-5px||-63px||false|false\u00bb custom_padding=\u00bb0px|||||\u00bb box_shadow_style=\u00bbpreset1&#8243; box_shadow_color=\u00bb#ff6600&#8243; global_module=\u00bb2338&#8243; saved_tabs=\u00bball\u00bb][\/et_pb_menu][\/et_pb_column][\/et_pb_row][\/et_pb_section][et_pb_section fb_built=\u00bb1&#8243; _builder_version=\u00bb4.0.6&#8243; custom_margin=\u00bb117px|||||\u00bb][et_pb_row _builder_version=\u00bb4.0.6&#8243; min_height=\u00bb288px\u00bb custom_margin=\u00bb-100px|auto||auto||\u00bb custom_padding=\u00bb116px|||||\u00bb][et_pb_column type=\u00bb4_4&#8243; _builder_version=\u00bb4.0.6&#8243;][et_pb_text _builder_version=\u00bb4.0.6&#8243; min_height=\u00bb325px\u00bb custom_margin=\u00bb-159px|||||\u00bb custom_padding=\u00bb14px||0px|||\u00bb]<\/p>\n<h2>CINE DE VERANO &#8211; CINE AL AIRE LIBRE<\/h2>\n<h4>CONVERTIMOS LA PLAZA DE SU CIUDAD, SU PUEBLO, SU BARRIO, SU PARQUE, SUS PISCINAS, SU CALLE&#8230;EN UN AUT\u00c9NTICO CINE<\/h4>\n<p>Disponemos de equipos de proyecci\u00f3n digital convencionales full HD y hasta 15.000 l\u00famenes, y tambi\u00e9n de CINE DIGITAL + Servidor DCI para proyectar contenidos y pel\u00edculas en formato DCP.<br \/> Ofrecemos a nuestros clientes diversos tipos de pantallas, desde pantallas convencionales, enrollables el\u00e9ctricas, micro-perforadas, retro-proyecci\u00f3n, tensadas, montadas en puentes de aluminio, y tambi\u00e9n disponemos de 5 tama\u00f1os diferentes de <strong>pantallas hinchables<\/strong>, planas y auto-portantes, que permiten instalaciones r\u00e1pidas y muy seguras para el p\u00fablico.<br \/> Podemos gestionar para el cliente los derechos de exhibici\u00f3n del material a proyectar en su modalidad NON THEATRICAL (EPST Exhibici\u00f3n P\u00fablica Sin taquilla).<\/p>\n<p><span style=\"font-size: 17px;\"><strong>&gt;&gt;<\/strong>\u00a0<\/span><strong style=\"font-size: 17px;\">ACTIVIDAD CON UN EXTRAORDINARIA PARTICIPACI\u00d3N CIUDADANA , CINE BAJO LAS ESTRELLAS EN PLAZAS MAYORES Y CINE EN PLAZAS DE TOROS.<\/strong><\/p>\n<p>[\/et_pb_text][\/et_pb_column][\/et_pb_row][et_pb_row column_structure=\u00bb1_3,1_3,1_3&#8243; _builder_version=\u00bb4.0.6&#8243; custom_padding=\u00bb2px|||||\u00bb][et_pb_column type=\u00bb1_3&#8243; _builder_version=\u00bb4.0.6&#8243;][et_pb_image src=\u00bbhttp:\/\/www.cinedeverano.es\/1\/wp-content\/uploads\/2023\/07\/cine-de-verano-3.jpg\u00bb show_in_lightbox=\u00bbon\u00bb _builder_version=\u00bb4.0.6&#8243; hover_enabled=\u00bb0&#8243;][\/et_pb_image][\/et_pb_column][et_pb_column type=\u00bb1_3&#8243; _builder_version=\u00bb4.0.6&#8243;][et_pb_image src=\u00bbhttp:\/\/www.cinedeverano.es\/1\/wp-content\/uploads\/2023\/07\/cine-de-verano-1.jpg\u00bb show_in_lightbox=\u00bbon\u00bb _builder_version=\u00bb4.0.6&#8243; hover_enabled=\u00bb0&#8243;][\/et_pb_image][\/et_pb_column][et_pb_column type=\u00bb1_3&#8243; _builder_version=\u00bb4.0.6&#8243;][et_pb_image src=\u00bbhttp:\/\/www.cinedeverano.es\/1\/wp-content\/uploads\/2023\/07\/cine-de-verano-2.jpg\u00bb show_in_lightbox=\u00bbon\u00bb _builder_version=\u00bb4.0.6&#8243; hover_enabled=\u00bb0&#8243;][\/et_pb_image][\/et_pb_column][\/et_pb_row][et_pb_row column_structure=\u00bb1_3,1_3,1_3&#8243; _builder_version=\u00bb4.0.6&#8243; custom_padding=\u00bb2px|||||\u00bb][et_pb_column type=\u00bb1_3&#8243; _builder_version=\u00bb4.0.6&#8243;][et_pb_image src=\u00bbhttp:\/\/www.cinedeverano.es\/1\/wp-content\/uploads\/2020\/05\/cinedeverano9san-benito-valladolid-1.jpg\u00bb show_in_lightbox=\u00bbon\u00bb _builder_version=\u00bb4.0.6&#8243;][\/et_pb_image][\/et_pb_column][et_pb_column type=\u00bb1_3&#8243; _builder_version=\u00bb4.0.6&#8243;][et_pb_image src=\u00bbhttp:\/\/www.cinedeverano.es\/1\/wp-content\/uploads\/2020\/05\/cinedeverano5pantallajardin-1.jpg\u00bb show_in_lightbox=\u00bbon\u00bb _builder_version=\u00bb4.0.6&#8243;][\/et_pb_image][\/et_pb_column][et_pb_column type=\u00bb1_3&#8243; _builder_version=\u00bb4.0.6&#8243;][et_pb_image src=\u00bbhttp:\/\/www.cinedeverano.es\/1\/wp-content\/uploads\/2020\/05\/cinedeverano19quienessomos.jpg\u00bb show_in_lightbox=\u00bbon\u00bb _builder_version=\u00bb4.0.6&#8243;][\/et_pb_image][\/et_pb_column][\/et_pb_row][et_pb_row _builder_version=\u00bb4.0.6&#8243; custom_padding=\u00bb47px|||||\u00bb][et_pb_column type=\u00bb4_4&#8243; _builder_version=\u00bb4.0.6&#8243;][et_pb_image src=\u00bbhttp:\/\/www.cinedeverano.es\/1\/wp-content\/uploads\/2020\/08\/bajo-cine-verano.jpg\u00bb show_in_lightbox=\u00bbon\u00bb _builder_version=\u00bb4.0.6&#8243; custom_margin=\u00bb-17px|||||\u00bb][\/et_pb_image][et_pb_menu menu_id=\u00bb13&#8243; menu_style=\u00bbcentered\u00bb submenu_direction=\u00bbupwards\u00bb _builder_version=\u00bb4.0.6&#8243; menu_font=\u00bb|600|||||||\u00bb menu_text_color=\u00bb#ff6600&#8243; menu_font_size=\u00bb13px\u00bb box_shadow_style=\u00bbpreset1&#8243; box_shadow_color=\u00bb#ff6600&#8243;][\/et_pb_menu][\/et_pb_column][\/et_pb_row][\/et_pb_section]<\/p>\n","protected":false},"excerpt":{"rendered":"<p>[et_pb_section fb_built=\u00bb1&#8243; fullwidth=\u00bbon\u00bb _builder_version=\u00bb3.22&#8243; animation_style=\u00bbslide\u00bb animation_direction=\u00bbtop\u00bb animation_intensity_slide=\u00bb2%\u00bb animation_starting_opacity=\u00bb100%\u00bb][et_pb_fullwidth_header content_max_width=\u00bb700px\u00bb _builder_version=\u00bb4.0.6&#8243; title_font=\u00bbLato||||||||\u00bb title_font_size=\u00bb60px\u00bb title_line_height=\u00bb1.2em\u00bb content_font=\u00bb||||||||\u00bb content_font_size=\u00bb20px\u00bb content_line_height=\u00bb1.8em\u00bb background_color=\u00bbrgba(255, 255, 255, 0)\u00bb use_background_color_gradient=\u00bbon\u00bb background_color_gradient_start=\u00bbrgba(0,0,0,0.75)\u00bb background_color_gradient_end=\u00bbrgba(0,0,0,0)\u00bb background_color_gradient_direction=\u00bb90deg\u00bb background_color_gradient_overlays_image=\u00bbon\u00bb background_image=\u00bbhttp:\/\/www.cinedeverano.es\/1\/wp-content\/uploads\/2020\/05\/cine-de-verano-b.jpg\u00bb custom_button_one=\u00bbon\u00bb button_one_text_size=\u00bb18px\u00bb button_one_bg_color=\u00bb#02d002&#8243; button_one_border_width=\u00bb8px\u00bb button_one_border_color=\u00bb#02d002&#8243; button_one_border_radius=\u00bb0px\u00bb button_one_letter_spacing=\u00bb1px\u00bb button_one_font=\u00bbLato|700|||||||\u00bb button_one_use_icon=\u00bboff\u00bb custom_button_two=\u00bbon\u00bb button_two_text_size=\u00bb18px\u00bb button_two_text_color=\u00bb#353740&#8243; button_two_bg_color=\u00bb#ffffff\u00bb button_two_border_width=\u00bb8px\u00bb button_two_border_color=\u00bb#ffffff\u00bb button_two_border_radius=\u00bb0px\u00bb button_two_letter_spacing=\u00bb1px\u00bb button_two_font=\u00bbLato|700|||||||\u00bb button_two_use_icon=\u00bboff\u00bb custom_margin=\u00bb|||\u00bb custom_padding=\u00bb11.5%||12%|||\u00bb button_one_letter_spacing_hover=\u00bb1px\u00bb button_two_letter_spacing_hover=\u00bb1px\u00bb button_one_text_size__hover_enabled=\u00bboff\u00bb button_two_text_size__hover_enabled=\u00bboff\u00bb button_one_text_color__hover_enabled=\u00bboff\u00bb button_two_text_color__hover_enabled=\u00bboff\u00bb button_one_border_width__hover_enabled=\u00bboff\u00bb button_two_border_width__hover_enabled=\u00bboff\u00bb [&hellip;]<\/p>\n","protected":false},"author":1,"featured_media":0,"parent":0,"menu_order":0,"comment_status":"closed","ping_status":"closed","template":"page-template-blank.php","meta":{"_et_pb_use_builder":"on","_et_pb_old_content":"","footnotes":""},"class_list":["post-2188","page","type-page","status-publish","hentry"],"_links":{"self":[{"href":"https:\/\/www.cinedeverano.es\/1\/wp-json\/wp\/v2\/pages\/2188","targetHints":{"allow":["GET"]}}],"collection":[{"href":"https:\/\/www.cinedeverano.es\/1\/wp-json\/wp\/v2\/pages"}],"about":[{"href":"https:\/\/www.cinedeverano.es\/1\/wp-json\/wp\/v2\/types\/page"}],"author":[{"embeddable":true,"href":"https:\/\/www.cinedeverano.es\/1\/wp-json\/wp\/v2\/users\/1"}],"replies":[{"embeddable":true,"href":"https:\/\/www.cinedeverano.es\/1\/wp-json\/wp\/v2\/comments?post=2188"}],"version-history":[{"count":21,"href":"https:\/\/www.cinedeverano.es\/1\/wp-json\/wp\/v2\/pages\/2188\/revisions"}],"predecessor-version":[{"id":2941,"href":"https:\/\/www.cinedeverano.es\/1\/wp-json\/wp\/v2\/pages\/2188\/revisions\/2941"}],"wp:attachment":[{"href":"https:\/\/www.cinedeverano.es\/1\/wp-json\/wp\/v2\/media?parent=2188"}],"curies":[{"name":"wp","href":"https:\/\/api.w.org\/{rel}","templated":true}]}}